{"id":791,"date":"2024-01-09T12:12:55","date_gmt":"2024-01-09T16:12:55","guid":{"rendered":"http:\/\/10.210.0.90\/?page_id=791"},"modified":"2026-04-14T13:48:58","modified_gmt":"2026-04-14T17:48:58","slug":"instituicao","status":"publish","type":"page","link":"https:\/\/www.cbm.ro.gov.br\/?page_id=791","title":{"rendered":"CORPORA\u00c7\u00c3O"},"content":{"rendered":"\t\t<div data-elementor-type=\"wp-page\" data-elementor-id=\"791\" class=\"elementor elementor-791\">\n\t\t\t\t<div class=\"elementor-element elementor-element-a11ca9e e-flex e-con-boxed e-con e-parent\" data-id=\"a11ca9e\" data-element_type=\"container\">\n\t\t\t\t\t<div class=\"e-con-inner\">\n\t\t\t\t<div class=\"elementor-element elementor-element-de6ba19 elementor-widget elementor-widget-heading\" data-id=\"de6ba19\" data-element_type=\"widget\" data-widget_type=\"heading.default\">\n\t\t\t\t<div class=\"elementor-widget-container\">\n\t\t\t\t\t<h2 class=\"elementor-heading-title elementor-size-default\">CORPORA\u00c7\u00c3O<\/h2>\t\t\t\t<\/div>\n\t\t\t\t<\/div>\n\t\t\t\t<div class=\"elementor-element elementor-element-096986a elementor-widget elementor-widget-spacer\" data-id=\"096986a\" data-element_type=\"widget\" data-widget_type=\"spacer.default\">\n\t\t\t\t<div class=\"elementor-widget-container\">\n\t\t\t\t\t\t\t<div class=\"elementor-spacer\">\n\t\t\t<div class=\"elementor-spacer-inner\"><\/div>\n\t\t<\/div>\n\t\t\t\t\t\t<\/div>\n\t\t\t\t<\/div>\n\t\t\t\t<div class=\"elementor-element elementor-element-e759090 elementor-widget__width-initial elementor-widget elementor-widget-text-editor\" data-id=\"e759090\" data-element_type=\"widget\" data-widget_type=\"text-editor.default\">\n\t\t\t\t<div class=\"elementor-widget-container\">\n\t\t\t\t\t\t\t\t\t<p>Bem-vindo ao site institucional do Corpo de Bombeiros Militar de Rond\u00f4nia, um espa\u00e7o dedicado \u00e0 divulga\u00e7\u00e3o das atividades, servi\u00e7os e compromissos desta nobre institui\u00e7\u00e3o. Aqui, voc\u00ea encontrar\u00e1 informa\u00e7\u00f5es relevantes sobre a hist\u00f3ria, miss\u00e3o, valores e as diversas a\u00e7\u00f5es desempenhadas pelos her\u00f3is que comp\u00f5em nosso efetivo.<\/p>\n<p>Os Bombeiros Militares de Rond\u00f4nia t\u00eam como principal objetivo a prote\u00e7\u00e3o da vida e do patrim\u00f4nio, atuando de forma eficaz e comprometida em situa\u00e7\u00f5es de emerg\u00eancia e desastres. Nossa jornada \u00e9 pautada pela coragem, dedica\u00e7\u00e3o e profissionalismo, visando sempre a seguran\u00e7a e o bem-estar da popula\u00e7\u00e3o que servimos.<\/p>\n<p>Navegue por nosso site e descubra mais sobre as diferentes \u00e1reas de atua\u00e7\u00e3o, desde o combate a inc\u00eandios at\u00e9 o atendimento pr\u00e9-hospitalar e a\u00e7\u00f5es de Defesa Civil. Conhe\u00e7a tamb\u00e9m os projetos sociais e educativos que desenvolvemos para promover uma cultura de preven\u00e7\u00e3o e seguran\u00e7a em nossa comunidade.<\/p>\t\t\t\t\t\t\t\t<\/div>\n\t\t\t\t<\/div>\n\t\t<div class=\"elementor-element elementor-element-80b6797 e-flex e-con-boxed e-con e-child\" data-id=\"80b6797\" data-element_type=\"container\">\n\t\t\t\t\t<div class=\"e-con-inner\">\n\t\t\t\t<div class=\"elementor-element elementor-element-05d8acb elementor-widget elementor-widget-eael-adv-tabs\" data-id=\"05d8acb\" data-element_type=\"widget\" data-widget_type=\"eael-adv-tabs.default\">\n\t\t\t\t<div class=\"elementor-widget-container\">\n\t\t\t\t\t        <div data-scroll-on-click=\"no\" data-scroll-speed=\"300\" id=\"eael-advance-tabs-05d8acb\" class=\"eael-advance-tabs eael-tabs-horizontal eael-tab-auto-active eael-tab-toggle\" data-tabid=\"05d8acb\">\n            <div class=\"eael-tabs-nav\">\n                <ul class=\"eael-tab-top-icon\" role=\"tablist\">\n                                            <li id=\"histrico\" class=\"inactive eael-tab-item-trigger eael-tab-nav-item\" aria-selected=\"true\" data-tab=\"1\" role=\"tab\" tabindex=\"0\" aria-controls=\"histrico-tab\" aria-expanded=\"false\">\n                            \n                                                        \n                            \n                                                            <span class=\"eael-tab-title title-after-icon\" >HIST\u00d3RICO<\/span>                                                    <\/li>\n                                            <li id=\"comando-geral\" class=\"inactive eael-tab-item-trigger eael-tab-nav-item\" aria-selected=\"false\" data-tab=\"2\" role=\"tab\" tabindex=\"-1\" aria-controls=\"comando-geral-tab\" aria-expanded=\"false\">\n                            \n                                                        \n                            \n                                                            <span class=\"eael-tab-title title-after-icon\" >COMANDO GERAL<\/span>                                                    <\/li>\n                                            <li id=\"quartis\" class=\"inactive eael-tab-item-trigger eael-tab-nav-item\" aria-selected=\"false\" data-tab=\"3\" role=\"tab\" tabindex=\"-1\" aria-controls=\"quartis-tab\" aria-expanded=\"false\">\n                            \n                                                        \n                            \n                                                            <span class=\"eael-tab-title title-after-icon\" >QUART\u00c9IS<\/span>                                                    <\/li>\n                                            <li id=\"estrutura-organizacional\" class=\"inactive eael-tab-item-trigger eael-tab-nav-item\" aria-selected=\"false\" data-tab=\"4\" role=\"tab\" tabindex=\"-1\" aria-controls=\"estrutura-organizacional-tab\" aria-expanded=\"false\">\n                            \n                                                        \n                            \n                                                            <span class=\"eael-tab-title title-after-icon\" >ESTRUTURA ORGANIZACIONAL<\/span>                                                    <\/li>\n                                    <\/ul>\n            <\/div>\n            \n            <div class=\"eael-tabs-content\">\n\t\t        \n                    <div id=\"histrico-tab\" class=\"clearfix eael-tab-content-item inactive\" data-title-link=\"histrico-tab\">\n\t\t\t\t        <p>\u00a0<\/p><p style=\"text-align: center;\"><strong>HIST\u00d3RIA DO CORPO DE BOMBEIROS NO BRASIL<\/strong><\/p><p>No Brasil, o Corpo de Bombeiros \u00a0foi criado em 1856 pelo\u00a0<strong>Imperador Dom Pedro de Alc\u00e2ntara de Bragan\u00e7a e Bourbon<\/strong>, filho mais novo do imperador Pedro I e da imperatriz Maria Leopoldina, nascido na madrugada do dia 02 de dezembro de 1825, \u00a0na cidade do Rio de Janeiro\/RJ.<\/p><p>No in\u00edcio \u00a0a Corpora\u00e7\u00e3o n\u00e3o possu\u00eda car\u00e1ter militar. Seu primeiro comandante, o ent\u00e3o Major Moraes Antas, em 1860, d\u00e1 in\u00edcio ao processo de militariza\u00e7\u00e3o, car\u00e1ter crucial para o combate a inc\u00eandio. A conquista ocorre somente em 1880.<\/p><p>Foi preciso obter informa\u00e7\u00f5es sobre os Corpos de Bombeiros de outros pa\u00edses e as necessidades do servi\u00e7o na cidade do Rio de Janeiro, tendo como principal refer\u00eancia a Fran\u00e7a e outras organiza\u00e7\u00f5es antigas, como a de Roma, para a cria\u00e7\u00e3o do Corpo de Bombeiros no Brasil promulgado atrav\u00e9s do Decreto Imperial n\u00ba 1775\u00a0 com o objetivo de atuar nos servi\u00e7os de extin\u00e7\u00e3o de fogo, nos arsenais de Guerra e de Marinha, Reparti\u00e7\u00e3o de obras p\u00fablicas e Casa de Corre\u00e7\u00e3o.<\/p><p>Os Corpos de Bombeiros Militares s\u00e3o considerados desde 1915 como For\u00e7a Auxiliar e Reserva do Ex\u00e9rcito Brasileiro e integram o Sistema de Seguran\u00e7a P\u00fablica e Defesa Social do Brasil. Hoje, a miss\u00e3o foi ampliada e consiste em na execu\u00e7\u00e3o de atividades de Defesa Civil, Preven\u00e7\u00e3o e Combate a Inc\u00eandios, Buscas, Salvamentos e Socorros P\u00fablicos no \u00e2mbito de suas respectivas Unidades Federativas.<\/p><p style=\"text-align: center;\"><strong>NO ESTADO<\/strong><\/p><p>Em Rond\u00f4nia, no ano de 1952, quando \u00a0ainda Territ\u00f3rio Federal, o governador Petr\u00f4nio Barcelos designou para realizar o Curso de Bombeiros T\u00e9cnicos para Oficiais na cidade do Rio de Janeiro, ent\u00e3o Distrito Federal, o\u00a0<strong>CAP ESRON PENHA DE MENEZES<\/strong>, membro da antiga Guarda Territorial, que juntamente com \u00a0Donizete Dantas foram nossos primeiros Bombeiros.<\/p><p>Cinco anos depois, no dia 26 de outubro de 1957, sob o governo do Jayme Ara\u00fajo dos Santos, foi assinado o Decreto Territorial n\u00ba. 331, que criava o Corpo de Bombeiros do Territ\u00f3rio, destinado a exercer atividade preventiva e de combate ao fogo e era subordinado diretamente \u00e0 Guarda Territorial.<\/p><p>O comandante respons\u00e1vel, um Assistente da Guarda Territorial, contava com 15 (quinze) subordinados, e destes, 5 (cinco) formavam o efetivo do n\u00facleo do Corpo de Bombeiros, sediado na cidade de Guajar\u00e1-Mirim. Cabia ainda \u00e0 Corpora\u00e7\u00e3o cumprir algumas exig\u00eancias, como verificar a seguran\u00e7a das &#8220;casas de neg\u00f3cios&#8221; (pr\u00e9dios comerciais), escolas, parques de divers\u00f5es, igrejas, oficinas e outros. Os bombeiros tinham autoridade para multar e interditar caso constatassem irregularidades. As multas, cau\u00e7\u00f5es e dep\u00f3sitos arrecadados eram destinados \u00e0 renda das prefeituras locais.<\/p><p>O atendimento prestado \u00e0 popula\u00e7\u00e3o era feito precariamente, pois os recursos materiais e humanos eram extremamente escassos. Entre 1965 e 1967 os sinistros se intensificaram e causaram v\u00e1rios preju\u00edzos no com\u00e9rcio. O inc\u00eandio do Mercado Municipal de Porto Velho ainda \u00e9 lembrado como um dos piores. Jo\u00e3o Carlos dos Santos Maden, governador da \u00e9poca, adotou algumas provid\u00eancias para estruturar e equipar o Corpo de Bombeiros.<\/p><p>Foi ampliado, ent\u00e3o, por meio do Decreto n.\u00ba 500 de 03 de Fevereiro de 1967, o efetivo da Corpora\u00e7\u00e3o para 120 homens, subordinados \u00e0 Divis\u00e3o de Seguran\u00e7a e Guarda (DSG), vinculada \u00e0s prefeituras. O comando podia ser exercido por um Oficial (For\u00e7as Armadas, Pol\u00edcia Militar ou Corpo de Bombeiros do Distrito Federal), de prefer\u00eancia de patente superior.<\/p><p>O Corpo de Bombeiros come\u00e7ou a apresentar uma estrutura organizacional: a administra\u00e7\u00e3o dividia-se em Comando, Diretorias (Contabilidade, Pessoal e Servi\u00e7os auxiliares) e Tropa, e foi instalado o Quartel Central em Porto Velho, com um destacamento aquartelado em Guajar\u00e1-Mirim.<\/p><p><strong>\u00a0<\/strong><\/p><p style=\"text-align: center;\"><strong>OS BOMBEIROS NA PM<\/strong><\/p><p>Com a regulamenta\u00e7\u00e3o da Pol\u00edcia Militar do Territ\u00f3rio Federal de Rond\u00f4nia, em 1977, foi estabelecida uma se\u00e7\u00e3o de Combate a Inc\u00eandio, subordinada \u00e0 1\u00aa Cia PM, do 1\u00ba BPM, com 122 homens. Efetivo este que permaneceu o mesmo por 16 anos, sendo modificado finalmente em 08 de Setembro de 1993 pelo Decreto n.\u00ba 6078, no qual foi constitu\u00eddo o Subgrupamento de Inc\u00eandio (SGI), com 196 bombeiros.<\/p><p>Em 1996 o Batalh\u00e3o de Bombeiros \u00e9 criado (Decreto n.\u00ba 7633, de 07 de novembro) e ativado (Decreto n.\u00ba 7638, de 08 de novembro), tendo em seu quadro 750 homens (previsto). O crescimento acelerado de Rond\u00f4nia exigia um Corpo de Bombeiros mais forte, bem equipado e atuante.<br \/>Atualmente a maioria dos Corpos de Bombeiros, principalmente nos pa\u00edses mais desenvolvidos, s\u00e3o desvinculados dos organismos policiais e desenvolvem suas pr\u00f3prias fun\u00e7\u00f5es administrativas e operacionais. O Brasil possui hoje 24 Corpora\u00e7\u00f5es Estaduais independentes.<br \/>Essa realidade influenciou para que o Corpo de Bombeiros Militar de Rond\u00f4nia obtivesse sua previs\u00e3o na Constitui\u00e7\u00e3o Estadual em 22 de Abril de 1996 (Emenda Constitucional n.\u00ba 06), e sua cria\u00e7\u00e3o em 26 de novembro de 1997 (Lei Complementar n.\u00ba 193).<\/p><p><strong>\u00a0<\/strong><\/p><p style=\"text-align: center;\"><strong>A EMANCIPA\u00c7\u00c3O<\/strong><\/p><p>O ano de 1998 marca o in\u00edcio da caminhada do CBMRO para sua consolida\u00e7\u00e3o como Corpora\u00e7\u00e3o. Prevista desde a Constitui\u00e7\u00e3o Federal, promulgada em 1988, a desvincula\u00e7\u00e3o do Corpo de Bombeiros Militar da PMRO, tornou-se realidade dez anos depois, com a Lei n.\u00ba 778, de 18 maio de 1998, que tratou da cria\u00e7\u00e3o, estrutura\u00e7\u00e3o, transforma\u00e7\u00e3o e atribui\u00e7\u00f5es do CBMRO. A Seguran\u00e7a P\u00fablica de Rond\u00f4nia passou a contar com mais uma for\u00e7a auxiliar, al\u00e9m das Pol\u00edcias Civil e Militar.<br \/>Assim, o CBMRO deixou de ser uma se\u00e7\u00e3o da PMRO e a sua almejada implanta\u00e7\u00e3o administrativo-operacional aconteceu em 1\u00ba de julho, comemorada no Dia Nacional do Soldado do Fogo, em 02 de julho. A expedi\u00e7\u00e3o do Decreto n.\u00ba 8293, de 13 de abril de 1998, ativou o Comando Geral.<\/p><p>Os demais \u00f3rg\u00e3os da Corpora\u00e7\u00e3o (Subcomando, Estado Maior Geral, Ajud\u00e2ncia Geral, Servi\u00e7o de Apoio Log\u00edstico e Financeiro, Grupamento de Bombeiros, Comiss\u00f5es e Assessorias) foram acionados pelo Decreto 8398, de 03 de julho de 1998. Nesta mesma data \u00e9 feita a exclus\u00e3o dos nossos atuais Bombeiros da Pol\u00edcia Militar e sua inclus\u00e3o nos quadros na nova Corpora\u00e7\u00e3o (Decretos n.\u00ba 8399 e 8400, respectivamente).<\/p><p>O projeto de frente da Corpora\u00e7\u00e3o, trip\u00e9 Efetivo-Equipamento-Instala\u00e7\u00e3o n\u00e3o foi totalmente implantado de imediato, por quest\u00f5es emergenciais do ent\u00e3o Governo. O efetivo previsto para o CBMRO, fixado pela Lei 751, de 19 de novembro de 1997, era de 1.280 bombeiros.<\/p><p>Desde Janeiro de 2000 o Corpo de Bombeiros de Rond\u00f4nia tornou-se uma Unidade subordinada \u00e0 Secretaria de Estado da Seguran\u00e7a, Defesa e Cidadania, juntamente com a Pol\u00edcia Militar, Pol\u00edcia Civil, (Lei Complementar n.\u00ba 224, de 04 de Janeiro de 2000).<\/p><p>O Governo do Estado aprovou duas leis (Lei 853 de 30 de novembro de 1999, e Lei 858 de 16 de dezembro de 1999) e regulamentou-as por meio de dois decretos, uma tratando sobre a Taxa de Fiscaliza\u00e7\u00e3o, Efetiva ou Potencial de Servi\u00e7os do CBMRO, regulamentada pelo Decreto n.\u00ba 8985, de 03 de fevereiro de 2000, e a outra sobre o Regulamento de Seguran\u00e7a Contra Inc\u00eandio e P\u00e2nico do Estado de Rond\u00f4nia, regulamentada pelo Decreto n.\u00ba 8987, de 08 de fevereiro de 2000). A arrecada\u00e7\u00e3o dos servi\u00e7os de vistorias t\u00e9cnicas e an\u00e1lises de projetos t\u00eam contribu\u00eddo para melhorar a estrutura operacional e administrativa da Corpora\u00e7\u00e3o.<\/p><p>Em 2001, deu se o in\u00edcio a reforma do pr\u00e9dio onde funcionava um antigo mercado municipal, onde atualmente funciona o Quartel do Comando Geral do CBMRO.<\/p><p>O CBMRO mant\u00e9m v\u00e1rios conv\u00eanios, dentre eles citamos a INFRAERO (Empresa Brasileira de Infra-Estrutura Aeroportu\u00e1ria) que trata da presta\u00e7\u00e3o de servi\u00e7os de salvamento e combate a inc\u00eandio em aeronaves pelo CBMRO, no Aeroporto de Porto Velho, e algumas prefeituras municipais, que tem contribu\u00eddo para manter a Corpora\u00e7\u00e3o.<\/p><p style=\"text-align: center;\"><strong>CBMRO HOJE<\/strong><\/p><p>Atualmente, contamos com 828 (oitocentos e vinte e oito) bombeiros, sendo 112 (cento e doze) tempor\u00e1rios, distribu\u00eddos em 16 (dezesseis) munic\u00edpios (Porto Velho, Candeias do Jamari, Guajar\u00e1 Mirim, Ariquemes, Machadinho do Oeste, Buritis, Jaru, Ouro Preto do Oeste, Ji-Paran\u00e1, Cacoal, Pimenta Bueno, Rolim de Moura, Espig\u00e3o do Oeste, Vilhena, Cerejeiras e S\u00e3o Miguel do Guapor\u00e9), onde concentra-se aproximadamente 77% (setenta e sete por cento) da popula\u00e7\u00e3o do Estado de Rond\u00f4nia.<\/p><p>Estamos equipados com mais de 210 (duzentos e dez) viaturas em perfeito estado de funcionamento, dentre elas, destacam-se duas auto escadas mec\u00e2nicas, unidades de resgate, caminh\u00f5es de combate a inc\u00eandio, motos aqu\u00e1ticas e 04 (tr\u00eas) aeronaves (tr\u00eas avi\u00f5es e um helic\u00f3ptero) que comp\u00f5em o Grupo de Opera\u00e7\u00f5es A\u00e9reas.<\/p><p style=\"text-align: center;\"><strong>ESRON PENHA DE MENEZES (1915 &#8211; 2009)<\/strong><strong><br \/>UM DOS NOSSOS PRIMEIROS BOMBEIROS<\/strong><\/p><p>O Capit\u00e3o reformado Esron Penha Menezes (<em>in memoriam<\/em>) foi praticamente o fundador da Corpora\u00e7\u00e3o.<\/p><p>Em 1952, ele realizou o Curso de Bombeiros no RJ juntamente com o 2\u00ba Tenente Donizete Martins Dantas, durante 14 meses, e permaneceu na Guarda Territorial at\u00e9 ser reformado, no ano de 1969. Na \u00e9poca, h\u00e3o havia recursos e efetivo para atender as ocorr\u00eancias. \u201cN\u00f3s peg\u00e1vamos latas de querosene para apagar o fogo\u201d, relembrou Esron em umas de suas entrevistas.<\/p><p>Aposentado, o capit\u00e3o foi trabalhar no Jornal Guapor\u00e9 como rep\u00f3rter, quando recebeu um convite do ent\u00e3o Governador para ser o novo Comandante do Corpo de Bombeiros, posto ocupado somente por oficiais do Ex\u00e9rcito. Esron ent\u00e3o retornou ao RJ para uma reciclagem de 15 dias. Trouxe consigo madeira, material para carregamento de extintores, fardamentos e cobertores t\u00e9rmicos, todos doados pelo Governador do Estado da Guanabara, onde era sediado o Corpo de Bombeiros do RJ.<\/p><p>Quando assumiu o comando, a Corpora\u00e7\u00e3o era composta de 12 homens e a \u00fanica viatura era um Jeep velho. Aos poucos o Corpo de Bombeiros foi se estruturando para melhor atender \u00e0 comunidade. Esron em suas lembran\u00e7as, contou que a ocorr\u00eancia mais complicada foi a do inc\u00eandio em um armaz\u00e9m, em 1969.<\/p><p>Segundo ele, o Corpo de Bombeiros deveria ser desvinculado da Pol\u00edcia Militar. \u201cEu acho que isso \u00e9 uma coisa muito certa, porque a forma\u00e7\u00e3o do bombeiro \u00e9 completamente diferente da forma\u00e7\u00e3o do policial militar\u201d, ressaltava.<\/p><p>Ap\u00f3s deixar o comando da Corpora\u00e7\u00e3o, em 1974, Esron trabalhou ainda como gerente de companhia a\u00e9rea, gerente de minera\u00e7\u00e3o e assessor jur\u00eddico na Prefeitura de Porto Velho. Faleceu no in\u00edcio da madrugada do dia 17 de janeiro de 2009 (s\u00e1bado), aos 94 anos de idade. &#8220;Capit\u00e3o Esron&#8221;, como era conhecido, estava internado na UTI do Hospital 9 de Julho h\u00e1 quase uma semana e sucumbiu a uma infec\u00e7\u00e3o pulmonar. Deixando oito filhos, netos, bisnetos e dois tataranetos. Mas deixou claro que seu emprego preferido foi o de Bombeiro: \u201cBombeiro \u00e9 o homem que faz tudo por amor \u00e0 P\u00e1tria, \u00e0 profiss\u00e3o e \u00e0 pessoa humana. Foi a profiss\u00e3o que o mesmo abra\u00e7ou de cora\u00e7\u00e3o.<\/p>                    <\/div>\n\t\t        \n                    <div id=\"comando-geral-tab\" class=\"clearfix eael-tab-content-item inactive\" data-title-link=\"comando-geral-tab\">\n\t\t\t\t        <p style=\"text-align: center;\"><strong><img fetchpriority=\"high\" decoding=\"async\" class=\"aligncenter wp-image-7933\" src=\"https:\/\/www.cbm.ro.gov.br\/wp-content\/uploads\/2026\/04\/cel-cristina-foto-provisoria-682x1024.jpeg\" alt=\"\" width=\"333\" height=\"500\" srcset=\"https:\/\/www.cbm.ro.gov.br\/wp-content\/uploads\/2026\/04\/cel-cristina-foto-provisoria-682x1024.jpeg 682w, https:\/\/www.cbm.ro.gov.br\/wp-content\/uploads\/2026\/04\/cel-cristina-foto-provisoria-200x300.jpeg 200w, https:\/\/www.cbm.ro.gov.br\/wp-content\/uploads\/2026\/04\/cel-cristina-foto-provisoria-768x1154.jpeg 768w, https:\/\/www.cbm.ro.gov.br\/wp-content\/uploads\/2026\/04\/cel-cristina-foto-provisoria-400x600.jpeg 400w, https:\/\/www.cbm.ro.gov.br\/wp-content\/uploads\/2026\/04\/cel-cristina-foto-provisoria.jpeg 852w\" sizes=\"(max-width: 333px) 100vw, 333px\" \/><\/strong><\/p><p style=\"text-align: center;\"><strong>COMANDANTE-GERAL<\/strong><\/p><p style=\"text-align: center;\"><strong>CEL BM<\/strong> <span style=\"font-weight: 400;\">DANIELE <\/span><b>CRISTINA<\/b><span style=\"font-weight: 400;\"> LIMA FERREIRA<\/span><\/p><table style=\"height: 334px;\" width=\"1115\"><tbody><tr><td><p style=\"text-align: center;\"><strong>CARGO<\/strong><\/p><\/td><td><p style=\"text-align: center;\"><strong>NOME<\/strong><\/p><\/td><td style=\"text-align: center;\"><p><strong>E-MAIL<\/strong><\/p><\/td><\/tr><tr><td><p style=\"text-align: center;\"><strong>COMANDANTE-GERAL<\/strong><\/p><\/td><td><p style=\"text-align: center;\"><strong>CEL BM<\/strong> DANIELE <strong>CRISTINA<\/strong> LIMA FERREIRA<\/p><\/td><td><p style=\"text-align: center;\"><a href=\"mailto:gabcmd@cbm.ro.gov.br\">gabcmd@cbm.ro.gov.br<\/a><\/p><\/td><\/tr><tr><td><p style=\"text-align: center;\"><strong>SUBCOMANDANTE-GERAL<\/strong><\/p><\/td><td><p style=\"text-align: center;\"><strong>CEL BM<\/strong> ANDREY VIN\u00cdCIUS <strong>RIBEIRO<\/strong> VAZ<\/p><\/td><td><p style=\"text-align: center;\"><a href=\"mailto:subcomandantecbmro@gmail.com\">subcomandantecbmro@gmail.com<\/a><\/p><\/td><\/tr><tr><td style=\"text-align: center;\"><p><strong>CHEFE DO ESTADO-MAIOR GERAL<\/strong><\/p><\/td><td style=\"text-align: center;\"><p><strong>CEL BM<\/strong> JOS\u00c9 <strong>CONSTANTINO<\/strong> DA SILVA J\u00daNIOR<\/p><\/td><td><p style=\"text-align: center;\"><a href=\"mailto:chem@cbm.ro.gov.br\">chem@cbm.ro.gov.br<\/a><\/p><\/td><\/tr><tr><td style=\"text-align: center;\"><p><strong>CORREGEDOR-GERAL<\/strong><\/p><\/td><td style=\"text-align: center;\"><p><strong>CEL BM<\/strong> PHILIPE RODRIGUES<strong> MAIA<\/strong> LEITE<\/p><\/td><td><p style=\"text-align: center;\"><a href=\"mailto:correg@cbm.ro.gov.br\">correg@cbm.ro.gov.br<\/a><\/p><\/td><\/tr><\/tbody><\/table>                    <\/div>\n\t\t        \n                    <div id=\"quartis-tab\" class=\"clearfix eael-tab-content-item inactive\" data-title-link=\"quartis-tab\">\n\t\t\t\t        <p style=\"text-align: center;\"><strong>COMPLEXO DO CORPO DE BOMBEIROS MILITAR DO ESTADO DE ROND\u00d4NIA<\/strong><\/p><p><img decoding=\"async\" class=\"alignnone size-medium wp-image-5082 aligncenter\" src=\"https:\/\/www.cbm.ro.gov.br\/wp-content\/uploads\/2025\/07\/NOVOcomplexo-CBMRO-editado-1-300x225.jpg\" alt=\"\" width=\"300\" height=\"225\" srcset=\"https:\/\/www.cbm.ro.gov.br\/wp-content\/uploads\/2025\/07\/NOVOcomplexo-CBMRO-editado-1-300x225.jpg 300w, https:\/\/www.cbm.ro.gov.br\/wp-content\/uploads\/2025\/07\/NOVOcomplexo-CBMRO-editado-1-1024x768.jpg 1024w, https:\/\/www.cbm.ro.gov.br\/wp-content\/uploads\/2025\/07\/NOVOcomplexo-CBMRO-editado-1-768x576.jpg 768w, https:\/\/www.cbm.ro.gov.br\/wp-content\/uploads\/2025\/07\/NOVOcomplexo-CBMRO-editado-1-1536x1152.jpg 1536w, https:\/\/www.cbm.ro.gov.br\/wp-content\/uploads\/2025\/07\/NOVOcomplexo-CBMRO-editado-1-2048x1536.jpg 2048w\" sizes=\"(max-width: 300px) 100vw, 300px\" \/><\/p><p style=\"text-align: center;\">COMANDO GERAL (QCG)\u00a0&#8211; PORTO VELHO<\/p><p style=\"text-align: center;\"><span style=\"font-weight: 400;\">AV. JORGE TEIXEIRA, SETOR\u202f10, QUADRA\u202f528 \u2013 BAIRRO INDUSTRIAL, PORTO VELHO\/RO<\/span><\/p><p style=\"text-align: center;\"><strong>CEL BM NIVALDO <\/strong>DE AZEVEDO FERREIRA- COMANDANTE GERAL<\/p><p style=\"text-align: center;\">(69) 99213-1391 &#8211; Whatsapp Email: <span id=\"cloakfad763641cbc60d71afd162effcbb0d3\"><a href=\"mailto:gabcmd@cbm.ro.gov.br\">gabcmd@cbm.ro.gov.br<\/a><\/span><\/p><p style=\"text-align: center;\"><strong>COMANDO DE OPERA\u00c7\u00d5ES A\u00c9REAS (COA) &#8211; PORTO VELHO<\/strong><\/p><p style=\"text-align: center;\"><img decoding=\"async\" class=\"alignnone size-medium wp-image-3554\" src=\"https:\/\/www.cbm.ro.gov.br\/wp-content\/uploads\/2024\/10\/talvez-GOA-COA--300x169.jpg\" alt=\"\" width=\"300\" height=\"169\" srcset=\"https:\/\/www.cbm.ro.gov.br\/wp-content\/uploads\/2024\/10\/talvez-GOA-COA--300x169.jpg 300w, https:\/\/www.cbm.ro.gov.br\/wp-content\/uploads\/2024\/10\/talvez-GOA-COA--1024x576.jpg 1024w, https:\/\/www.cbm.ro.gov.br\/wp-content\/uploads\/2024\/10\/talvez-GOA-COA--768x432.jpg 768w, https:\/\/www.cbm.ro.gov.br\/wp-content\/uploads\/2024\/10\/talvez-GOA-COA--1536x864.jpg 1536w, https:\/\/www.cbm.ro.gov.br\/wp-content\/uploads\/2024\/10\/talvez-GOA-COA-.jpg 1600w\" sizes=\"(max-width: 300px) 100vw, 300px\" \/><\/p><p style=\"text-align: center;\"><a href=\"http:\/\/10.210.0.90\/?page_id=1115\" target=\"_blank\" rel=\"noopener\">2\u00aa BASE A\u00c9REA DE COMBATE A INC\u00caNDIOS FLORESTAIS DA AMAZ\u00d4NIA LEGAL # \u00c1REA RURAL<\/a><\/p><p style=\"text-align: center;\"><strong>CEL BM <\/strong>TADEU<strong> SANCHEZ <\/strong>PINHEIRO\u00a0&#8211; COMANDANTE<\/p><p style=\"text-align: center;\"><span id=\"cloak95468a2e42a93d0bd1570c4918d9605c\"><span id=\"cloak6d2233173aa2848ad20e35301236aefc\"><a href=\"mailto:goacbmro@gmail.com\">goacbmro@gmail.com<\/a><\/span><\/span><\/p><p style=\"text-align: center;\"><strong>GRUPAMENTO DE BUSCA E SALVAMENTO (GBS) &#8211; PORTO VELHO<\/strong><\/p><p style=\"text-align: center;\"><img loading=\"lazy\" decoding=\"async\" class=\"size-medium wp-image-5076 aligncenter\" src=\"https:\/\/www.cbm.ro.gov.br\/wp-content\/uploads\/2025\/07\/cto-antigo-editado-300x200.jpeg\" alt=\"\" width=\"300\" height=\"200\" srcset=\"https:\/\/www.cbm.ro.gov.br\/wp-content\/uploads\/2025\/07\/cto-antigo-editado-300x200.jpeg 300w, https:\/\/www.cbm.ro.gov.br\/wp-content\/uploads\/2025\/07\/cto-antigo-editado-768x512.jpeg 768w, https:\/\/www.cbm.ro.gov.br\/wp-content\/uploads\/2025\/07\/cto-antigo-editado.jpeg 1013w\" sizes=\"(max-width: 300px) 100vw, 300px\" \/><\/p><p style=\"text-align: center;\"><span style=\"color: #808080;\"><em>Antigo CTO<\/em><\/span><\/p><p style=\"text-align: center;\"><strong>TENENTE BM<\/strong>\u00a0<strong>J<\/strong>OS\u00c9\u00a0<strong>FELICIANO<\/strong> DOS SANTOS FILHO &#8211; COMANDANTE<\/p><p style=\"text-align: center;\"><span id=\"cloak4b1f1f0ad5fc8e2ee4729c477427f7f2\"><a href=\"mailto:gbscbmro@gmail.com\">gbscbmro@gmail.com<\/a><\/span><\/p><p style=\"text-align: center;\"><strong>COORDENADORIA DE ATIVIDADES T\u00c9CNICAS (CAT) &#8211; PORTO VELHO<\/strong><\/p><p style=\"text-align: center;\"><img loading=\"lazy\" decoding=\"async\" class=\"alignnone size-medium wp-image-3541\" src=\"https:\/\/www.cbm.ro.gov.br\/wp-content\/uploads\/2024\/10\/cat-light-300x169.jpg\" alt=\"\" width=\"300\" height=\"169\" srcset=\"https:\/\/www.cbm.ro.gov.br\/wp-content\/uploads\/2024\/10\/cat-light-300x169.jpg 300w, https:\/\/www.cbm.ro.gov.br\/wp-content\/uploads\/2024\/10\/cat-light.jpg 623w\" sizes=\"(max-width: 300px) 100vw, 300px\" \/><\/p><p style=\"text-align: center;\">AV. JORGE TEIXEIRA, 2507 &#8211; LIBERDADE # CEP\u00a0<span class=\"LrzXr\">76.803-877<\/span><\/p><p style=\"text-align: center;\"><strong>TENENTE CORONEL BM<\/strong> S\u00c9RGIO FELIPE<strong> FURUKAWA<\/strong>&#8211; COMANDANTE<\/p><p style=\"text-align: center;\">(69) 3216-8804 #\u00a0<span id=\"cloakebbea14e3ce5e06d8c2c993efe273452\"><a href=\"mailto:1dat.cbmro@gmail.com\">1dat.cbmro@gmail.com<\/a><\/span><\/p><p style=\"text-align: center;\"><span id=\"cloak5a919afe7d53d6cbf9ff0ebf25e8c2d8\"><a href=\"mailto:catcbmro193@gmail.com\">catcbmro193@gmail.com<\/a><\/span><\/p><p style=\"text-align: center;\"><span style=\"color: #000000;\"><strong>DIRETORIA DE LOG\u00cdSTICA\u00a0 (DLOG) &#8211; PORTO VELHO<\/strong><\/span><\/p><p style=\"text-align: center;\"><img loading=\"lazy\" decoding=\"async\" class=\"alignnone wp-image-7929 size-medium\" src=\"https:\/\/www.cbm.ro.gov.br\/wp-content\/uploads\/2026\/04\/fachada-DLOG--300x225.jpg\" alt=\"\" width=\"300\" height=\"225\" srcset=\"https:\/\/www.cbm.ro.gov.br\/wp-content\/uploads\/2026\/04\/fachada-DLOG--300x225.jpg 300w, https:\/\/www.cbm.ro.gov.br\/wp-content\/uploads\/2026\/04\/fachada-DLOG--1024x768.jpg 1024w, https:\/\/www.cbm.ro.gov.br\/wp-content\/uploads\/2026\/04\/fachada-DLOG--768x576.jpg 768w, https:\/\/www.cbm.ro.gov.br\/wp-content\/uploads\/2026\/04\/fachada-DLOG--1536x1152.jpg 1536w, https:\/\/www.cbm.ro.gov.br\/wp-content\/uploads\/2026\/04\/fachada-DLOG-.jpg 1600w\" sizes=\"(max-width: 300px) 100vw, 300px\" \/><\/p><p style=\"text-align: center;\"><span style=\"color: #000000;\"><span style=\"font-weight: 400;\">AV. PINHEIRO MACHADO, N\u00ba 5945, BAIRRO IGARAP\u00c9, PORTO VELHO\/RO <\/span># CEP <span style=\"font-weight: 400;\">76.824-369<\/span><\/span><\/p><p style=\"text-align: center;\"><span style=\"color: #000000;\"><strong>TENENTE CORONEL BM<\/strong> MARIO<strong> VERGOTTI <\/strong>&#8211; DIRETOR DE LOG\u00cdSTICA<\/span><\/p><p style=\"text-align: center;\"><span style=\"color: #ff0000;\"><span id=\"cloakebbea14e3ce5e06d8c2c993efe273452\"><a style=\"color: #ff0000;\" href=\"mailto:dlogcbmro@gmail.com\" target=\"_blank\" rel=\"noopener\"><span style=\"color: #ff0000;\">dlogcbmro@gmail.com<\/span><\/a><\/span><\/span><\/p><p style=\"text-align: center;\"><strong>1\u00b0 GBM &#8211; PORTO VELHO\u00a0<\/strong><\/p><p><img loading=\"lazy\" decoding=\"async\" class=\"size-medium wp-image-3552 aligncenter\" src=\"https:\/\/www.cbm.ro.gov.br\/wp-content\/uploads\/2024\/10\/1gb-light-300x212.jpg\" alt=\"\" width=\"300\" height=\"212\" srcset=\"https:\/\/www.cbm.ro.gov.br\/wp-content\/uploads\/2024\/10\/1gb-light-300x212.jpg 300w, https:\/\/www.cbm.ro.gov.br\/wp-content\/uploads\/2024\/10\/1gb-light-768x543.jpg 768w, https:\/\/www.cbm.ro.gov.br\/wp-content\/uploads\/2024\/10\/1gb-light.jpg 1000w\" sizes=\"(max-width: 300px) 100vw, 300px\" \/><\/p><p style=\"text-align: center;\">AV. ENGENHEIRO ANYSIO DA ROCHA (ANTIGA ESTRADA DA PENAL), 4286 &#8211; FLODOALDO PONTES PINTO #\u00a0 CEP\u00a0<span class=\"verbeteCEP\">76.820-710<\/span><\/p><p style=\"text-align: center;\"><strong>TENENTE CORONEL\u00a0BM<\/strong>\u00a0<strong>ROBERTO<\/strong>\u00a0RODRIGUES LEAL &#8211; COMANDANTE<\/p><p style=\"text-align: center;\">#\u00a0<span id=\"cloakb0724986a43a51280216a0d15eeece45\"><a href=\"mailto:gbportovelhocbmro@hotmail.com\">gbportovelhocbmro@hotmail.com<\/a><\/span><\/p><p style=\"text-align: center;\"><a href=\"https:\/\/www.cbm.ro.gov.br\/?attachment_id=2041\" target=\"_blank\" rel=\"noopener\">HIST\u00d3RICO 1\u00ba GBM &#8211; CLIQUE AQUI<\/a><\/p><p style=\"text-align: center;\"><strong>3\u00b0 SGBM\/1\u00b0 GBM\u00a0 &#8211; CANDEIAS DO JAMARI<br \/><\/strong><\/p><p style=\"text-align: center;\"><img loading=\"lazy\" decoding=\"async\" class=\"alignnone size-medium wp-image-3535\" src=\"https:\/\/www.cbm.ro.gov.br\/wp-content\/uploads\/2024\/10\/Candeias-300x169.jpg\" alt=\"\" width=\"300\" height=\"169\" srcset=\"https:\/\/www.cbm.ro.gov.br\/wp-content\/uploads\/2024\/10\/Candeias-300x169.jpg 300w, https:\/\/www.cbm.ro.gov.br\/wp-content\/uploads\/2024\/10\/Candeias-768x432.jpg 768w, https:\/\/www.cbm.ro.gov.br\/wp-content\/uploads\/2024\/10\/Candeias.jpg 1000w\" sizes=\"(max-width: 300px) 100vw, 300px\" \/><\/p><p style=\"text-align: center;\"><span class=\"OYPEnA font-feature-liga-off font-feature-clig-off font-feature-calt-off text-decoration-none text-strikethrough-none\">RUA AIRTON SENA, n\u00ba 192 &#8211; UNI\u00c3O<\/span>\u00a0# CEP\u00a0 76.860-000<\/p><p style=\"text-align: center;\"><strong>1\u00b0 TEN BM VALMIR SANTIN<\/strong>&#8211; COMANDANTE<\/p><p style=\"text-align: center;\">(69) 3230-2836 #\u00a0<span id=\"cloak577300df5b7cf594567b791c08022b6e\"><a href=\"mailto:candeias.cbmro@gmail.com\">candeias.cbmro@gmail.com<\/a><\/span><\/p><p style=\"text-align: center;\"><a href=\"https:\/\/www.cbm.ro.gov.br\/?attachment_id=2026\" target=\"_blank\" rel=\"noopener\">HIST\u00d3RICO DO 3\u00b0 SGBM\/1\u00b0 GBM &#8211; CANDEIAS\u00a0&#8211; CLIQUE AQUI<\/a><\/p><p style=\"text-align: center;\"><strong>2\u00b0 SGBM\/1\u00b0 GBM &#8211; GUAJAR\u00c1-MIRIM<\/strong><\/p><p style=\"text-align: center;\"><img loading=\"lazy\" decoding=\"async\" class=\"alignnone size-medium wp-image-3543\" src=\"https:\/\/www.cbm.ro.gov.br\/wp-content\/uploads\/2024\/10\/guajara-light-300x169.jpg\" alt=\"\" width=\"300\" height=\"169\" srcset=\"https:\/\/www.cbm.ro.gov.br\/wp-content\/uploads\/2024\/10\/guajara-light-300x169.jpg 300w, https:\/\/www.cbm.ro.gov.br\/wp-content\/uploads\/2024\/10\/guajara-light-1024x576.jpg 1024w, https:\/\/www.cbm.ro.gov.br\/wp-content\/uploads\/2024\/10\/guajara-light-768x432.jpg 768w, https:\/\/www.cbm.ro.gov.br\/wp-content\/uploads\/2024\/10\/guajara-light-1536x864.jpg 1536w, https:\/\/www.cbm.ro.gov.br\/wp-content\/uploads\/2024\/10\/guajara-light-2048x1152.jpg 2048w\" sizes=\"(max-width: 300px) 100vw, 300px\" \/><\/p><p style=\"text-align: center;\">AV. 15 DE NOVEMBRO, 3550 &#8211; 10 DE ABRIL # CEP\u00a0 76.850-000<\/p><p style=\"text-align: center;\"><strong>CAPIT\u00c3O BM<\/strong>\u00a0<strong>R<\/strong>AIMUNDO PINTO DOS\u00a0<strong>SANTOS<\/strong>\u00a0&#8211; COMANDANTE<\/p><p style=\"text-align: center;\">(69) 3541-2305 #\u00a0<span id=\"cloak3d7e150ed1e1a47bc35a476b9914cd3d\"><a href=\"mailto:sgbguajaramirimcbmro@hotmail.com\">sgbguajaramirimcbmro@hotmail.com<\/a><\/span><\/p><p style=\"text-align: center;\"><a href=\"https:\/\/www.cbm.ro.gov.br\/?attachment_id=2027\" target=\"_blank\" rel=\"noopener\">HIST\u00d3RICO DO 2\u00b0 SGBM\/1\u00b0 GBM &#8211; GUAJAR\u00c1-MIRIM\u00a0&#8211; CLIQUE AQUI<\/a><\/p><p style=\"text-align: center;\"><strong>2\u00b0 GBM &#8211; JI-PARAN\u00c1<\/strong><\/p><p style=\"text-align: center;\"><img loading=\"lazy\" decoding=\"async\" class=\"alignnone size-medium wp-image-3544\" src=\"https:\/\/www.cbm.ro.gov.br\/wp-content\/uploads\/2024\/10\/jiparana-light-300x169.jpg\" alt=\"\" width=\"300\" height=\"169\" srcset=\"https:\/\/www.cbm.ro.gov.br\/wp-content\/uploads\/2024\/10\/jiparana-light-300x169.jpg 300w, https:\/\/www.cbm.ro.gov.br\/wp-content\/uploads\/2024\/10\/jiparana-light-768x432.jpg 768w, https:\/\/www.cbm.ro.gov.br\/wp-content\/uploads\/2024\/10\/jiparana-light.jpg 1000w\" sizes=\"(max-width: 300px) 100vw, 300px\" \/><\/p><p style=\"text-align: center;\">RUA BEIRA RIO CULTURAL, 06 &#8211; PRIMAVERA # CEP 76.908-000<\/p><p style=\"text-align: center;\"><strong>TENENTE CORONEL\u00a0BM<\/strong>\u00a0ANNELSANDRE RODRIGUES DA<strong>\u00a0COSTA<\/strong>\u00a0&#8211; COMANDANTE<\/p><p style=\"text-align: center;\">(69) 3416 4870 # 3422-0781 #\u00a0<span id=\"cloakaa1523e346f4085558e32c6e3aea6539\"><a href=\"mailto:gbjiparanacbmro@hotmail.com\">gbjiparanacbmro@hotmail.com<\/a><\/span><\/p><p style=\"text-align: center;\"><a href=\"https:\/\/www.cbm.ro.gov.br\/?attachment_id=2028\" target=\"_blank\" rel=\"noopener\">HIST\u00d3RICO DO 2\u00b0 GBM &#8211; JI-PARAN\u00c1\u00a0&#8211; CLIQUE AQUI<\/a><\/p><p style=\"text-align: center;\"><strong>2\u00b0 SGBM\/2\u00b0GBM &#8211; OURO PRETO DO OESTE<br \/><\/strong><\/p><p style=\"text-align: center;\"><img loading=\"lazy\" decoding=\"async\" class=\"alignnone size-medium wp-image-3546\" src=\"https:\/\/www.cbm.ro.gov.br\/wp-content\/uploads\/2024\/10\/OuroPreto-light-300x169.jpg\" alt=\"\" width=\"300\" height=\"169\" srcset=\"https:\/\/www.cbm.ro.gov.br\/wp-content\/uploads\/2024\/10\/OuroPreto-light-300x169.jpg 300w, https:\/\/www.cbm.ro.gov.br\/wp-content\/uploads\/2024\/10\/OuroPreto-light-768x432.jpg 768w, https:\/\/www.cbm.ro.gov.br\/wp-content\/uploads\/2024\/10\/OuroPreto-light.jpg 965w\" sizes=\"(max-width: 300px) 100vw, 300px\" \/><\/p><p style=\"text-align: center;\">AV. 15 de NOVEMBRO, 695 &#8211; UNI\u00c3O \u00a0PRA\u00c7A DA LIBERDADE # CEP\u00a0 76.920-000<\/p><p style=\"text-align: center;\"><strong>TENENTE BM WALDEVINO\u00a0<\/strong>FERREIRA NETO\u00a0 &#8211; COMANDANTE<\/p><p style=\"text-align: center;\">(69) 3461-5955 # 3461-5955 #\u00a0<span id=\"cloak53d1d4fc3dfd0d7ad2204130bfb51cb6\"><a href=\"mailto:corpodebombeirosmilitaropo@gmail.com\">corpodebombeirosmilitaropo@gmail.com<\/a><\/span><\/p><p style=\"text-align: center;\"><a href=\"https:\/\/www.cbm.ro.gov.br\/?attachment_id=2029\" target=\"_blank\" rel=\"noopener\">HIST\u00d3RICO DO 2\u00b0 SGBM\/2\u00b0GBM &#8211; OURO PRETO\u00a0&#8211; CLIQUE AQUI<\/a><\/p><p style=\"text-align: center;\"><strong>3\u00b0 SGBM\/2\u00b0GBM &#8211; JARU<\/strong><\/p><p style=\"text-align: center;\"><img loading=\"lazy\" decoding=\"async\" class=\"alignnone size-medium wp-image-3533\" src=\"https:\/\/www.cbm.ro.gov.br\/wp-content\/uploads\/2024\/10\/jaru-300x169.jpg\" alt=\"\" width=\"300\" height=\"169\" srcset=\"https:\/\/www.cbm.ro.gov.br\/wp-content\/uploads\/2024\/10\/jaru-300x169.jpg 300w, https:\/\/www.cbm.ro.gov.br\/wp-content\/uploads\/2024\/10\/jaru-1024x576.jpg 1024w, https:\/\/www.cbm.ro.gov.br\/wp-content\/uploads\/2024\/10\/jaru-768x432.jpg 768w, https:\/\/www.cbm.ro.gov.br\/wp-content\/uploads\/2024\/10\/jaru-1536x864.jpg 1536w, https:\/\/www.cbm.ro.gov.br\/wp-content\/uploads\/2024\/10\/jaru.jpg 1777w\" sizes=\"(max-width: 300px) 100vw, 300px\" \/><\/p><p style=\"text-align: center;\">RUA RICARDO CANTANH\u00caDE, 617 &#8211; SETOR III # CEP\u00a0 76.890-000<\/p><p style=\"text-align: center;\"><strong>CAPIT\u00c3O BM<\/strong>\u00a0MARCIO ROGERIO DE LIMA\u00a0<strong>PAIVA<\/strong>\u00a0&#8211; COMANDANTE<\/p><p style=\"text-align: center;\">(69) 3521-4270 # 3521-3224 #\u00a0<span id=\"cloak44101c8f7573128bb269b47e2ce0322a\"><a href=\"mailto:bombeirosjaru@gmail.com\">bombeirosjaru@gmail.com<\/a><\/span><\/p><p style=\"text-align: center;\"><a href=\"https:\/\/www.cbm.ro.gov.br\/?attachment_id=2030\" target=\"_blank\" rel=\"noopener\">HIST\u00d3RICO DO 3\u00b0 SGBM\/2\u00b0GBM &#8211; JARU\u00a0&#8211; CLIQUE AQUI<\/a><\/p><p style=\"text-align: center;\"><strong>3\u00b0 GBM &#8211; VILHENA<\/strong><\/p><p style=\"text-align: center;\"><img loading=\"lazy\" decoding=\"async\" class=\"alignnone size-medium wp-image-3536\" src=\"https:\/\/www.cbm.ro.gov.br\/wp-content\/uploads\/2024\/10\/CAT_VILHENA-300x169.jpg\" alt=\"\" width=\"300\" height=\"169\" srcset=\"https:\/\/www.cbm.ro.gov.br\/wp-content\/uploads\/2024\/10\/CAT_VILHENA-300x169.jpg 300w, https:\/\/www.cbm.ro.gov.br\/wp-content\/uploads\/2024\/10\/CAT_VILHENA-1024x576.jpg 1024w, https:\/\/www.cbm.ro.gov.br\/wp-content\/uploads\/2024\/10\/CAT_VILHENA-768x432.jpg 768w, https:\/\/www.cbm.ro.gov.br\/wp-content\/uploads\/2024\/10\/CAT_VILHENA-1536x864.jpg 1536w, https:\/\/www.cbm.ro.gov.br\/wp-content\/uploads\/2024\/10\/CAT_VILHENA.jpg 2048w\" sizes=\"(max-width: 300px) 100vw, 300px\" \/><\/p><p style=\"text-align: center;\">RUA RICARDO FRANCO, 236 &#8211; CENTRO # CEP\u00a0 76.980-000<\/p><p style=\"text-align: center;\"><strong>TENENTE CORONEL\u00a0BM<\/strong>\u00a0MARCIO\u00a0<strong>STRAUSS<\/strong>\u00a0NUNES DE FRAN\u00c7A &#8211; COMANDANTE<\/p><p style=\"text-align: center;\">(69) 3322-2853 #\u00a0<span id=\"cloak22ba74dabdeed1d83733fa049d6cd5a5\"><a href=\"mailto:gbvilhenacbmro@hotmail.com\">gbvilhenacbmro@hotmail.com<\/a><\/span><\/p><p style=\"text-align: center;\"><a href=\"https:\/\/www.cbm.ro.gov.br\/?attachment_id=2031\" target=\"_blank\" rel=\"noopener\">HIST\u00d3RICO DO 3\u00b0 GBM &#8211; VILHENA\u00a0&#8211; CLIQUE AQUI<\/a><\/p><p style=\"text-align: center;\"><strong>1\u00b0 SGBM\/3\u00b0 GBM &#8211; VILHENA<\/strong><\/p><p style=\"text-align: center;\"><img loading=\"lazy\" decoding=\"async\" class=\"alignnone size-medium wp-image-3551\" src=\"https:\/\/www.cbm.ro.gov.br\/wp-content\/uploads\/2024\/10\/VILHENA-light-300x169.jpg\" alt=\"\" width=\"300\" height=\"169\" srcset=\"https:\/\/www.cbm.ro.gov.br\/wp-content\/uploads\/2024\/10\/VILHENA-light-300x169.jpg 300w, https:\/\/www.cbm.ro.gov.br\/wp-content\/uploads\/2024\/10\/VILHENA-light-1024x576.jpg 1024w, https:\/\/www.cbm.ro.gov.br\/wp-content\/uploads\/2024\/10\/VILHENA-light-768x432.jpg 768w, https:\/\/www.cbm.ro.gov.br\/wp-content\/uploads\/2024\/10\/VILHENA-light-1536x864.jpg 1536w, https:\/\/www.cbm.ro.gov.br\/wp-content\/uploads\/2024\/10\/VILHENA-light.jpg 2048w\" sizes=\"(max-width: 300px) 100vw, 300px\" \/><\/p><p style=\"text-align: center;\">AV. PEDRO DINIZ DA COSTA, 1417 &#8211; BELA VISTA # CEP\u00a0 76.982-078<\/p><p style=\"text-align: center;\"><strong>TENENTE BM<\/strong> <strong>DOUGLAS<\/strong> MATIAS DA SILVA FERREIRA\u00a0&#8211; COMANDANTE<\/p><p style=\"text-align: center;\">(69) 99341-6093 Whatsapp # <span id=\"cloak58d5830d7d8e6b1ec145f3b417d6c6c1\"><a href=\"mailto:1sgbvha@gmail.com\">1sgbvha@gmail.com<\/a><\/span><\/p><p style=\"text-align: center;\"><a href=\"https:\/\/www.cbm.ro.gov.br\/?attachment_id=2032\" target=\"_blank\" rel=\"noopener\">HIST\u00d3RICO DO 1\u00b0 SGBM\/3\u00b0 GBM &#8211; VILHENA\u00a0&#8211; CLIQUE AQUI<\/a><\/p><p style=\"text-align: center;\"><strong>2\u00b0 SGBM\/3\u00b0 GBM &#8211; CEREJEIRAS<\/strong><\/p><p style=\"text-align: center;\"><img loading=\"lazy\" decoding=\"async\" class=\"alignnone size-medium wp-image-3553\" src=\"https:\/\/www.cbm.ro.gov.br\/wp-content\/uploads\/2024\/10\/cerejeiras-light2-300x169.jpg\" alt=\"\" width=\"300\" height=\"169\" srcset=\"https:\/\/www.cbm.ro.gov.br\/wp-content\/uploads\/2024\/10\/cerejeiras-light2-300x169.jpg 300w, https:\/\/www.cbm.ro.gov.br\/wp-content\/uploads\/2024\/10\/cerejeiras-light2-1024x576.jpg 1024w, https:\/\/www.cbm.ro.gov.br\/wp-content\/uploads\/2024\/10\/cerejeiras-light2-768x432.jpg 768w, https:\/\/www.cbm.ro.gov.br\/wp-content\/uploads\/2024\/10\/cerejeiras-light2.jpg 1481w\" sizes=\"(max-width: 300px) 100vw, 300px\" \/><\/p><p style=\"text-align: center;\">RUA ARACAJU, S\/N &#8211; CENTRO # CEP\u00a0 76.997-970<\/p><p style=\"text-align: center;\"><strong>TENENTE BM<\/strong>\u00a0<strong>JAQUESSON<\/strong>\u00a0ROCHA LEITE\u00a0&#8211; COMANDANTE<\/p><p style=\"text-align: center;\">(69) 3342-3556 # 3342-3370 #\u00a0<span id=\"cloak23ad632684abb4a18c70cebb8c98d7f1\"><a href=\"mailto:sgbcerejeirascbmro@hotmail.com\">sgbcerejeirascbmro@hotmail.com<\/a><\/span><\/p><p style=\"text-align: center;\"><strong>4\u00b0 GBM \u00a0&#8211; CACOAL<\/strong><\/p><p style=\"text-align: center;\"><img loading=\"lazy\" decoding=\"async\" class=\"alignnone size-medium wp-image-3534\" src=\"https:\/\/www.cbm.ro.gov.br\/wp-content\/uploads\/2024\/10\/cacoal-300x169.jpg\" alt=\"\" width=\"300\" height=\"169\" srcset=\"https:\/\/www.cbm.ro.gov.br\/wp-content\/uploads\/2024\/10\/cacoal-300x169.jpg 300w, https:\/\/www.cbm.ro.gov.br\/wp-content\/uploads\/2024\/10\/cacoal-1024x576.jpg 1024w, https:\/\/www.cbm.ro.gov.br\/wp-content\/uploads\/2024\/10\/cacoal-768x432.jpg 768w, https:\/\/www.cbm.ro.gov.br\/wp-content\/uploads\/2024\/10\/cacoal-1536x864.jpg 1536w, https:\/\/www.cbm.ro.gov.br\/wp-content\/uploads\/2024\/10\/cacoal.jpg 1576w\" sizes=\"(max-width: 300px) 100vw, 300px\" \/><\/p><p style=\"text-align: center;\">AV.\u00a0PRESIDENTE PRUDENTE, 1758 &#8211; INDUSTRIAL # CEP\u00a0 76.967-594<\/p><p style=\"text-align: center;\"><strong>TENENTE CORONEL\u00a0BM<\/strong>\u00a0ATENOR CORREA<strong>\u00a0BARRETO<\/strong>\u00a0&#8211; COMANDANTE DO\u00a0<strong>4\u00baGBM<\/strong><\/p><p style=\"text-align: center;\">(69) 3441-0193 #\u00a0<span id=\"cloak22ead944427177c43397b7c4a1987587\"><a href=\"mailto:1sgb4gbcacoal@gmail.com\">1sgb4gbcacoal@gmail.com<\/a><\/span><\/p><p style=\"text-align: center;\">2\u00b0 TENENTE GUILHERME SAMPAIO ASSUN\u00c7\u00c3O &#8211;\u00a0<strong>COMANDANTE DO 1\u00ba SGBM \/ 4\u00baGBM<\/strong><\/p><p style=\"text-align: center;\"><a href=\"https:\/\/www.cbm.ro.gov.br\/?attachment_id=2033\" target=\"_blank\" rel=\"noopener\">HIST\u00d3RICO DO 4\u00b0 GBM \u00a0&#8211; CACOAL\u00a0&#8211; CLIQUE AQUI<\/a><\/p><p style=\"text-align: center;\"><strong>VISTORIA T\u00c9CNICA &#8211; CACOAL<\/strong><\/p><p style=\"text-align: center;\"><img loading=\"lazy\" decoding=\"async\" class=\"alignnone size-medium wp-image-3538\" src=\"https:\/\/www.cbm.ro.gov.br\/wp-content\/uploads\/2024\/10\/CAT\u2013CACOAL-1-300x169.jpg\" alt=\"\" width=\"300\" height=\"169\" srcset=\"https:\/\/www.cbm.ro.gov.br\/wp-content\/uploads\/2024\/10\/CAT\u2013CACOAL-1-300x169.jpg 300w, https:\/\/www.cbm.ro.gov.br\/wp-content\/uploads\/2024\/10\/CAT\u2013CACOAL-1-1024x576.jpg 1024w, https:\/\/www.cbm.ro.gov.br\/wp-content\/uploads\/2024\/10\/CAT\u2013CACOAL-1-768x432.jpg 768w, https:\/\/www.cbm.ro.gov.br\/wp-content\/uploads\/2024\/10\/CAT\u2013CACOAL-1-1536x864.jpg 1536w, https:\/\/www.cbm.ro.gov.br\/wp-content\/uploads\/2024\/10\/CAT\u2013CACOAL-1-2048x1152.jpg 2048w\" sizes=\"(max-width: 300px) 100vw, 300px\" \/><\/p><p style=\"text-align: center;\">AV. JUSCIMEIRA, N\u00ba 372, BAIRRO NOVO HORIZONTE # CEP 76962-044<\/p><p style=\"text-align: center;\"><strong>MAJOR BM<\/strong>\u00a0JOS\u00c9\u00a0<strong>JOAQUIM<\/strong>\u00a0DA SILVA &#8211; COMANDANTE<\/p><p style=\"text-align: center;\">(69) 3441-5374<\/p><p style=\"text-align: center;\"><strong>2\u00b0 SGBM\/4\u00b0 GBM &#8211; PIMENTA BUENO<\/strong><\/p><p style=\"text-align: center;\"><img loading=\"lazy\" decoding=\"async\" class=\"alignnone size-medium wp-image-3547\" src=\"https:\/\/www.cbm.ro.gov.br\/wp-content\/uploads\/2024\/10\/pimenta-light-300x169.jpg\" alt=\"\" width=\"300\" height=\"169\" srcset=\"https:\/\/www.cbm.ro.gov.br\/wp-content\/uploads\/2024\/10\/pimenta-light-300x169.jpg 300w, https:\/\/www.cbm.ro.gov.br\/wp-content\/uploads\/2024\/10\/pimenta-light-1024x576.jpg 1024w, https:\/\/www.cbm.ro.gov.br\/wp-content\/uploads\/2024\/10\/pimenta-light-768x432.jpg 768w, https:\/\/www.cbm.ro.gov.br\/wp-content\/uploads\/2024\/10\/pimenta-light-1536x864.jpg 1536w, https:\/\/www.cbm.ro.gov.br\/wp-content\/uploads\/2024\/10\/pimenta-light.jpg 1556w\" sizes=\"(max-width: 300px) 100vw, 300px\" \/><\/p><p style=\"text-align: center;\">RUA 24 DE NOVEMBRO, 240 &#8211; APIDI\u00c1 # CEP\u00a0 76.970-000<\/p><p style=\"text-align: center;\"><strong>CAPIT\u00c3O BM<\/strong> HIGOR\u00a0<strong>CONTARATO SALVADOR &#8211;<\/strong>COMANDANTE<\/p><p style=\"text-align: center;\">(69) 3451-3256 # 3451-4240 #\u00a0<span id=\"cloakd3e83ff2c5472e991366d13fe1272e30\"><a href=\"mailto:admpimentabuenocbmro@gmail.com\">admpimentabuenocbmro@gmail.com<\/a><\/span><\/p><p style=\"text-align: center;\"><a href=\"https:\/\/www.cbm.ro.gov.br\/?attachment_id=2034\" target=\"_blank\" rel=\"noopener\">HIST\u00d3RICO DO 2\u00b0 SGBM\/4\u00b0 GBM &#8211; PIMENTA BUENO\u00a0&#8211; CLIQUE AQUI<\/a><\/p><p style=\"text-align: center;\"><strong>3\u00b0 SGBM\/4\u00b0 GBM &#8211; ESPIG\u00c3O DO OESTE<br \/><\/strong><\/p><p style=\"text-align: center;\"><img decoding=\"async\" src=\"https:\/\/www.cbm.ro.gov.br\/images\/2019\/-PVH\/02Fevereiro\/QUARTEL-ESPIG%C3%83O-DO-OESTE-CBMRO-2019.jpg\" alt=\"\" \/><img loading=\"lazy\" decoding=\"async\" class=\"alignnone size-medium wp-image-3537\" src=\"https:\/\/www.cbm.ro.gov.br\/wp-content\/uploads\/2024\/10\/espigao-300x169.jpg\" alt=\"\" width=\"300\" height=\"169\" srcset=\"https:\/\/www.cbm.ro.gov.br\/wp-content\/uploads\/2024\/10\/espigao-300x169.jpg 300w, https:\/\/www.cbm.ro.gov.br\/wp-content\/uploads\/2024\/10\/espigao-1024x576.jpg 1024w, https:\/\/www.cbm.ro.gov.br\/wp-content\/uploads\/2024\/10\/espigao-768x432.jpg 768w, https:\/\/www.cbm.ro.gov.br\/wp-content\/uploads\/2024\/10\/espigao-1536x864.jpg 1536w, https:\/\/www.cbm.ro.gov.br\/wp-content\/uploads\/2024\/10\/espigao-2048x1152.jpg 2048w\" sizes=\"(max-width: 300px) 100vw, 300px\" \/><\/p><p style=\"text-align: center;\">RUA RIO RIO GRANDE DO SUL, 2505- CENTRO # CEP 76.974-000<\/p><p style=\"text-align: center;\"><strong>CAP BM CHARLISON <\/strong><strong>A.<br \/>DE AGUIAR &#8211;<\/strong>COMANDANTE<\/p><p style=\"text-align: center;\">(69) 3481-3800 # 3481-3959 #\u00a0<span id=\"cloak13fe5770c8c9361726cedd37c3ba47ec\"><a href=\"mailto:admespigaocbmro@gmail.com\">admespigaocbmro@gmail.com<\/a><\/span><\/p><p style=\"text-align: center;\"><a href=\"https:\/\/www.cbm.ro.gov.br\/wp-content\/uploads\/2025\/09\/Espigo_do_Oeste___Historico.pdf\" target=\"_blank\" rel=\"noopener\">HIST\u00d3RICO DO 3\u00b0 SGBM\/4\u00b0 GBM &#8211; ESPIG\u00c3O DO OESTE &#8211; CLIQUE AQUI<\/a><\/p><p style=\"text-align: center;\"><strong>5\u00b0 GBM &#8211; ARIQUEMES<\/strong><\/p><p style=\"text-align: center;\"><img loading=\"lazy\" decoding=\"async\" class=\"alignnone size-medium wp-image-3539\" src=\"https:\/\/www.cbm.ro.gov.br\/wp-content\/uploads\/2024\/10\/ariquemes-light-300x169.jpg\" alt=\"\" width=\"300\" height=\"169\" srcset=\"https:\/\/www.cbm.ro.gov.br\/wp-content\/uploads\/2024\/10\/ariquemes-light-300x169.jpg 300w, https:\/\/www.cbm.ro.gov.br\/wp-content\/uploads\/2024\/10\/ariquemes-light-1024x576.jpg 1024w, https:\/\/www.cbm.ro.gov.br\/wp-content\/uploads\/2024\/10\/ariquemes-light-768x432.jpg 768w, https:\/\/www.cbm.ro.gov.br\/wp-content\/uploads\/2024\/10\/ariquemes-light.jpg 1497w\" sizes=\"(max-width: 300px) 100vw, 300px\" \/><\/p><p style=\"text-align: center;\">AV. JK, 1459 &#8211; SETOR II # CEP\u00a0 76.873-156<\/p><p style=\"text-align: center;\"><strong>TENENTE CORONEL\u00a0BM<\/strong>\u00a0<strong>ODONI<\/strong>\u00a0SAVEGNAGO LOPES &#8211; COMANDANTE<\/p><p style=\"text-align: center;\">(69)3536 3587 \u00a0# \u00a03536-6723 # 3536-3587 #\u00a0<span id=\"cloak33d5dde69cd77acc78ec5d2b67045152\"><a href=\"mailto:sgbariquemescbmro@hotmail.com\">sgbariquemescbmro@hotmail.com<\/a><\/span><\/p><p style=\"text-align: center;\"><a href=\"https:\/\/www.cbm.ro.gov.br\/?attachment_id=2037\" target=\"_blank\" rel=\"noopener\">HIST\u00d3RICO DO 5\u00b0 GBM &#8211; ARIQUEMES\u00a0&#8211; CLIQUE AQUI<\/a><\/p><p style=\"text-align: center;\"><strong>2\u00b0 SGBM\/5\u00b0GBM &#8211; MACHADINHO DO OESTE<br \/><\/strong><\/p><p style=\"text-align: center;\"><img loading=\"lazy\" decoding=\"async\" class=\"alignnone size-medium wp-image-3545\" src=\"https:\/\/www.cbm.ro.gov.br\/wp-content\/uploads\/2024\/10\/MACHADINHO-light-300x169.jpg\" alt=\"\" width=\"300\" height=\"169\" srcset=\"https:\/\/www.cbm.ro.gov.br\/wp-content\/uploads\/2024\/10\/MACHADINHO-light-300x169.jpg 300w, https:\/\/www.cbm.ro.gov.br\/wp-content\/uploads\/2024\/10\/MACHADINHO-light-1024x576.jpg 1024w, https:\/\/www.cbm.ro.gov.br\/wp-content\/uploads\/2024\/10\/MACHADINHO-light-768x432.jpg 768w, https:\/\/www.cbm.ro.gov.br\/wp-content\/uploads\/2024\/10\/MACHADINHO-light-1536x864.jpg 1536w, https:\/\/www.cbm.ro.gov.br\/wp-content\/uploads\/2024\/10\/MACHADINHO-light.jpg 1998w\" sizes=\"(max-width: 300px) 100vw, 300px\" \/><\/p><p style=\"text-align: center;\">AV. COSTA E SILVA, 2994 &#8211; CENTRO # CEP\u00a0 76.868-970<\/p><p style=\"text-align: center;\"><strong>TENENTE BM<\/strong>\u00a0<strong>JAQUES<\/strong> RODRIGUES &#8211; COMANDANTE<\/p><p style=\"text-align: center;\">(69)3581 2038 # 3581-3773 #\u00a0<span id=\"cloak6fb6b846dec31527d51ff91eef33472f\"><a href=\"mailto:sgbmachadinhocbmro@gmail.com\">sgbmachadinhocbmro@gmail.com<\/a><\/span><\/p><p style=\"text-align: center;\"><a href=\"https:\/\/www.cbm.ro.gov.br\/?attachment_id=2038\" target=\"_blank\" rel=\"noopener\">HIST\u00d3RICO DO\u00a02\u00b0 SGBM\/5\u00b0GBM &#8211; MACHADINHO\u00a0&#8211; CLIQUE AQUI<\/a><\/p><p style=\"text-align: center;\">\u00a0<strong>3\u00b0 SGBM\/5\u00b0GBM &#8211; BURITIS<\/strong><\/p><p style=\"text-align: center;\"><img loading=\"lazy\" decoding=\"async\" class=\"alignnone size-medium wp-image-3540\" src=\"https:\/\/www.cbm.ro.gov.br\/wp-content\/uploads\/2024\/10\/buritis-light-300x169.jpg\" alt=\"\" width=\"300\" height=\"169\" srcset=\"https:\/\/www.cbm.ro.gov.br\/wp-content\/uploads\/2024\/10\/buritis-light-300x169.jpg 300w, https:\/\/www.cbm.ro.gov.br\/wp-content\/uploads\/2024\/10\/buritis-light-1024x576.jpg 1024w, https:\/\/www.cbm.ro.gov.br\/wp-content\/uploads\/2024\/10\/buritis-light-768x432.jpg 768w, https:\/\/www.cbm.ro.gov.br\/wp-content\/uploads\/2024\/10\/buritis-light-1536x864.jpg 1536w, https:\/\/www.cbm.ro.gov.br\/wp-content\/uploads\/2024\/10\/buritis-light.jpg 1797w\" sizes=\"(max-width: 300px) 100vw, 300px\" \/><\/p><p style=\"text-align: center;\">AV. PORTO VELHO, 800 &#8211; SETOR I # CEP\u00a0 76.880-000<\/p><p style=\"text-align: center;\"><strong>2\u00ba TENENTE BM<\/strong>\u00a0<strong>ALEXANDRE\u00a0<\/strong>TRAJANO DOS SANTOS FERREIRA &#8211; COMANDANTE<\/p><p style=\"text-align: center;\">(69) 3238-2562 # 3238-3328\u00a0 #\u00a0<span id=\"cloake43611c65fab6936994469d130d6a73e\"><a href=\"mailto:sgbburitiscbmro@hotmail.com\">sgbburitiscbmro@hotmail.com<\/a><\/span><\/p><p style=\"text-align: center;\"><a href=\"https:\/\/www.cbm.ro.gov.br\/?attachment_id=2039\" target=\"_blank\" rel=\"noopener\">HIST\u00d3RICO DO 3\u00b0 SGBM\/5\u00b0GBM &#8211; BURITIS- CLIQUE AQUI<\/a><\/p><p style=\"text-align: center;\"><strong>6\u00b0 GBM &#8211; ROLIM DE MOURA<\/strong><\/p><p style=\"text-align: center;\"><img loading=\"lazy\" decoding=\"async\" class=\"alignnone size-medium wp-image-3548\" src=\"https:\/\/www.cbm.ro.gov.br\/wp-content\/uploads\/2024\/10\/Rolim-light-300x169.jpg\" alt=\"\" width=\"300\" height=\"169\" srcset=\"https:\/\/www.cbm.ro.gov.br\/wp-content\/uploads\/2024\/10\/Rolim-light-300x169.jpg 300w, https:\/\/www.cbm.ro.gov.br\/wp-content\/uploads\/2024\/10\/Rolim-light-1024x576.jpg 1024w, https:\/\/www.cbm.ro.gov.br\/wp-content\/uploads\/2024\/10\/Rolim-light-768x432.jpg 768w, https:\/\/www.cbm.ro.gov.br\/wp-content\/uploads\/2024\/10\/Rolim-light.jpg 1355w\" sizes=\"(max-width: 300px) 100vw, 300px\" \/><\/p><p style=\"text-align: center;\">AV. GOIANIA, 5440 &#8211; CENTRO # CEP\u00a0 76.940-000<\/p><p style=\"text-align: center;\"><strong>MAJOR BM<\/strong> HALISSON AVILLA <b>MENDON\u00c7A<\/b>\u00a0&#8211; COMANDANTE<\/p><p style=\"text-align: center;\">(69) 3442-3193 # 3442-8882 #\u00a0<span id=\"cloak019649ea9c2001e7e9036452e35cd416\"><a href=\"mailto:cbmrorm@gmail.com\">cbmrorm@gmail.com<\/a><\/span><\/p><p style=\"text-align: center;\"><a href=\"https:\/\/www.cbm.ro.gov.br\/?attachment_id=2040\" target=\"_blank\" rel=\"noopener\">HIST\u00d3RICO DO 3\u00b0 SGBM\/4\u00b0 GBM &#8211; ROLIM DE MOURA\u00a0&#8211; CLIQUE AQUI<\/a><\/p><p style=\"text-align: center;\"><strong>COMPLEXO DE TREINAMENTO BOMBEIRO MIRIM TEREZINHA DE JESUS BAYMA VALLE &#8211; ROLIM DE MOURA<\/strong><\/p><p style=\"text-align: center;\"><img loading=\"lazy\" decoding=\"async\" class=\"alignnone size-medium wp-image-3542\" src=\"https:\/\/www.cbm.ro.gov.br\/wp-content\/uploads\/2024\/10\/complexo-bombeiro-mirim-light-300x169.jpg\" alt=\"\" width=\"300\" height=\"169\" srcset=\"https:\/\/www.cbm.ro.gov.br\/wp-content\/uploads\/2024\/10\/complexo-bombeiro-mirim-light-300x169.jpg 300w, https:\/\/www.cbm.ro.gov.br\/wp-content\/uploads\/2024\/10\/complexo-bombeiro-mirim-light-1024x576.jpg 1024w, https:\/\/www.cbm.ro.gov.br\/wp-content\/uploads\/2024\/10\/complexo-bombeiro-mirim-light-768x432.jpg 768w, https:\/\/www.cbm.ro.gov.br\/wp-content\/uploads\/2024\/10\/complexo-bombeiro-mirim-light-1536x864.jpg 1536w, https:\/\/www.cbm.ro.gov.br\/wp-content\/uploads\/2024\/10\/complexo-bombeiro-mirim-light.jpg 1546w\" sizes=\"(max-width: 300px) 100vw, 300px\" \/><\/p><p style=\"text-align: center;\">RUA RIO MADEIRA, ESQUINA COM AV. MANAUS, 5741 &#8211; CENTRO # CEP\u00a0 76.940-000<\/p><p style=\"text-align: center;\"><strong>2\u00b0 SGBM\/6\u00b0 GBM &#8211; S\u00c3O MIGUEL DO GUAPOR\u00c9<\/strong><\/p><p style=\"text-align: center;\"><img loading=\"lazy\" decoding=\"async\" class=\"alignnone size-medium wp-image-3555\" src=\"https:\/\/www.cbm.ro.gov.br\/wp-content\/uploads\/2024\/10\/Sao-Miguel-light-300x169.jpg\" alt=\"\" width=\"300\" height=\"169\" srcset=\"https:\/\/www.cbm.ro.gov.br\/wp-content\/uploads\/2024\/10\/Sao-Miguel-light-300x169.jpg 300w, https:\/\/www.cbm.ro.gov.br\/wp-content\/uploads\/2024\/10\/Sao-Miguel-light-1024x576.jpg 1024w, https:\/\/www.cbm.ro.gov.br\/wp-content\/uploads\/2024\/10\/Sao-Miguel-light-768x432.jpg 768w, https:\/\/www.cbm.ro.gov.br\/wp-content\/uploads\/2024\/10\/Sao-Miguel-light-1536x864.jpg 1536w, https:\/\/www.cbm.ro.gov.br\/wp-content\/uploads\/2024\/10\/Sao-Miguel-light.jpg 1987w\" sizes=\"(max-width: 300px) 100vw, 300px\" \/><\/p><p style=\"text-align: center;\">AV. ANGELIM,\u00a0ESQUINA COM A AV. MARECHAL RONDON,<span class=\"OYPEnA text-decoration-none text-strikethrough-none\">\u00a0BAIRRO PLANALTO<\/span>\u00a0# CEP\u00a076.932-000<\/p><p style=\"text-align: center;\"><strong>TENENTE BM<\/strong>\u00a0JUNIOR DA SILVA\u00a0<strong>TAVARES<\/strong>\u00a0&#8211; COMANDANTE<\/p><p style=\"text-align: center;\"><strong>3\u00b0 SGBM\/3\u00ba GBM &#8211; COLORADO DO OESTE<\/strong><\/p><p style=\"text-align: center;\"><img loading=\"lazy\" decoding=\"async\" class=\"alignnone size-medium wp-image-3532\" src=\"https:\/\/www.cbm.ro.gov.br\/wp-content\/uploads\/2024\/10\/Colorado-300x169.jpg\" alt=\"\" width=\"300\" height=\"169\" srcset=\"https:\/\/www.cbm.ro.gov.br\/wp-content\/uploads\/2024\/10\/Colorado-300x169.jpg 300w, https:\/\/www.cbm.ro.gov.br\/wp-content\/uploads\/2024\/10\/Colorado-1024x576.jpg 1024w, https:\/\/www.cbm.ro.gov.br\/wp-content\/uploads\/2024\/10\/Colorado-768x432.jpg 768w, https:\/\/www.cbm.ro.gov.br\/wp-content\/uploads\/2024\/10\/Colorado.jpg 1488w\" sizes=\"(max-width: 300px) 100vw, 300px\" \/><\/p><p style=\"text-align: center;\">AV. VILHENA, 5566 &#8211; INDUSTRIAL # CEP 76993-000<\/p><p style=\"text-align: center;\"><strong>TENENTE BM<\/strong>\u00a0MARCOS<b> ANTUNES<\/b> DE CARVALHO\u00a0&#8211; COMANDANTE<\/p><p style=\"text-align: center;\">(69) 99276-6892<\/p>                    <\/div>\n\t\t        \n                    <div id=\"estrutura-organizacional-tab\" class=\"clearfix eael-tab-content-item inactive\" data-title-link=\"estrutura-organizacional-tab\">\n\t\t\t\t        <p><img loading=\"lazy\" decoding=\"async\" class=\"aligncenter wp-image-5961 size-full\" src=\"https:\/\/www.cbm.ro.gov.br\/wp-content\/uploads\/2025\/09\/ESTRUTURA-ORGANIZACIONAL-DO-CBMRO-VERSAO-NOVA_page-0001-scaled.jpg\" alt=\"\" width=\"1600\" height=\"2560\" srcset=\"https:\/\/www.cbm.ro.gov.br\/wp-content\/uploads\/2025\/09\/ESTRUTURA-ORGANIZACIONAL-DO-CBMRO-VERSAO-NOVA_page-0001-scaled.jpg 1600w, https:\/\/www.cbm.ro.gov.br\/wp-content\/uploads\/2025\/09\/ESTRUTURA-ORGANIZACIONAL-DO-CBMRO-VERSAO-NOVA_page-0001-188x300.jpg 188w, https:\/\/www.cbm.ro.gov.br\/wp-content\/uploads\/2025\/09\/ESTRUTURA-ORGANIZACIONAL-DO-CBMRO-VERSAO-NOVA_page-0001-640x1024.jpg 640w, https:\/\/www.cbm.ro.gov.br\/wp-content\/uploads\/2025\/09\/ESTRUTURA-ORGANIZACIONAL-DO-CBMRO-VERSAO-NOVA_page-0001-768x1229.jpg 768w, https:\/\/www.cbm.ro.gov.br\/wp-content\/uploads\/2025\/09\/ESTRUTURA-ORGANIZACIONAL-DO-CBMRO-VERSAO-NOVA_page-0001-960x1536.jpg 960w, https:\/\/www.cbm.ro.gov.br\/wp-content\/uploads\/2025\/09\/ESTRUTURA-ORGANIZACIONAL-DO-CBMRO-VERSAO-NOVA_page-0001-1280x2048.jpg 1280w\" sizes=\"(max-width: 1600px) 100vw, 1600px\" \/><\/p><p style=\"text-align: center;\"><span style=\"color: #ff0000;\"><strong><a style=\"color: #ff0000; text-decoration: underline;\" href=\"https:\/\/www.cbm.ro.gov.br\/wp-content\/uploads\/2025\/09\/ESTRUTURA-ORGANIZACIONAL-DO-CBMRO-VERSAO-NOVA.pdf\" target=\"_blank\" rel=\"noopener\">ESTRUTURA ORGANIZACIONAL DO CBMRO VERS\u00c3O NOVA<\/a><\/strong><\/span><\/p>                    <\/div>\n\t\t                    <\/div>\n        <\/div>\n\t\t\t\t<\/div>\n\t\t\t\t<\/div>\n\t\t\t\t\t<\/div>\n\t\t\t\t<\/div>\n\t\t\t\t\t<\/div>\n\t\t\t\t<\/div>\n\t\t\t\t<\/div>\n\t\t","protected":false},"excerpt":{"rendered":"<p>CORPORA\u00c7\u00c3O Bem-vindo ao site institucional do Corpo de Bombeiros Militar de Rond\u00f4nia, um espa\u00e7o dedicado \u00e0 divulga\u00e7\u00e3o das atividades, servi\u00e7os e compromissos desta nobre institui\u00e7\u00e3o. Aqui, voc\u00ea encontrar\u00e1 informa\u00e7\u00f5es relevantes&hellip;<\/p>\n","protected":false},"author":3,"featured_media":0,"parent":0,"menu_order":0,"comment_status":"closed","ping_status":"closed","template":"","meta":{"footnotes":""},"class_list":["post-791","page","type-page","status-publish","hentry"],"yoast_head":"<!-- This site is optimized with the Yoast SEO plugin v23.7 - https:\/\/yoast.com\/wordpress\/plugins\/seo\/ -->\n<title>CORPORA\u00c7\u00c3O - Corpo de Bombeiros Militar de Rond\u00f4nia<\/title>\n<meta name=\"robots\" content=\"index, follow, max-snippet:-1, max-image-preview:large, max-video-preview:-1\" \/>\n<link rel=\"canonical\" href=\"https:\/\/www.cbm.ro.gov.br\/?page_id=791\" \/>\n<meta property=\"og:locale\" content=\"pt_BR\" \/>\n<meta property=\"og:type\" content=\"article\" \/>\n<meta property=\"og:title\" content=\"CORPORA\u00c7\u00c3O - Corpo de Bombeiros Militar de Rond\u00f4nia\" \/>\n<meta property=\"og:description\" content=\"CORPORA\u00c7\u00c3O Bem-vindo ao site institucional do Corpo de Bombeiros Militar de Rond\u00f4nia, um espa\u00e7o dedicado \u00e0 divulga\u00e7\u00e3o das atividades, servi\u00e7os e compromissos desta nobre institui\u00e7\u00e3o. Aqui, voc\u00ea encontrar\u00e1 informa\u00e7\u00f5es relevantes&hellip;\" \/>\n<meta property=\"og:url\" content=\"https:\/\/www.cbm.ro.gov.br\/?page_id=791\" \/>\n<meta property=\"og:site_name\" content=\"Corpo de Bombeiros Militar de Rond\u00f4nia\" \/>\n<meta property=\"article:publisher\" content=\"https:\/\/www.facebook.com\/cbmro.oficial\/\" \/>\n<meta property=\"article:modified_time\" content=\"2026-04-14T17:48:58+00:00\" \/>\n<meta property=\"og:image\" content=\"https:\/\/www.cbm.ro.gov.br\/wp-content\/uploads\/2026\/04\/cel-cristina-foto-provisoria.jpeg\" \/>\n\t<meta property=\"og:image:width\" content=\"852\" \/>\n\t<meta property=\"og:image:height\" content=\"1280\" \/>\n\t<meta property=\"og:image:type\" content=\"image\/jpeg\" \/>\n<meta name=\"twitter:card\" content=\"summary_large_image\" \/>\n<meta name=\"twitter:label1\" content=\"Est. tempo de leitura\" \/>\n\t<meta name=\"twitter:data1\" content=\"14 minutos\" \/>\n<script type=\"application\/ld+json\" class=\"yoast-schema-graph\">{\"@context\":\"https:\/\/schema.org\",\"@graph\":[{\"@type\":\"WebPage\",\"@id\":\"https:\/\/www.cbm.ro.gov.br\/?page_id=791\",\"url\":\"https:\/\/www.cbm.ro.gov.br\/?page_id=791\",\"name\":\"CORPORA\u00c7\u00c3O - Corpo de Bombeiros Militar de Rond\u00f4nia\",\"isPartOf\":{\"@id\":\"https:\/\/www.cbm.ro.gov.br\/#website\"},\"primaryImageOfPage\":{\"@id\":\"https:\/\/www.cbm.ro.gov.br\/?page_id=791#primaryimage\"},\"image\":{\"@id\":\"https:\/\/www.cbm.ro.gov.br\/?page_id=791#primaryimage\"},\"thumbnailUrl\":\"https:\/\/www.cbm.ro.gov.br\/wp-content\/uploads\/2026\/04\/cel-cristina-foto-provisoria-682x1024.jpeg\",\"datePublished\":\"2024-01-09T16:12:55+00:00\",\"dateModified\":\"2026-04-14T17:48:58+00:00\",\"breadcrumb\":{\"@id\":\"https:\/\/www.cbm.ro.gov.br\/?page_id=791#breadcrumb\"},\"inLanguage\":\"pt-BR\",\"potentialAction\":[{\"@type\":\"ReadAction\",\"target\":[\"https:\/\/www.cbm.ro.gov.br\/?page_id=791\"]}]},{\"@type\":\"ImageObject\",\"inLanguage\":\"pt-BR\",\"@id\":\"https:\/\/www.cbm.ro.gov.br\/?page_id=791#primaryimage\",\"url\":\"https:\/\/www.cbm.ro.gov.br\/wp-content\/uploads\/2026\/04\/cel-cristina-foto-provisoria.jpeg\",\"contentUrl\":\"https:\/\/www.cbm.ro.gov.br\/wp-content\/uploads\/2026\/04\/cel-cristina-foto-provisoria.jpeg\",\"width\":852,\"height\":1280},{\"@type\":\"BreadcrumbList\",\"@id\":\"https:\/\/www.cbm.ro.gov.br\/?page_id=791#breadcrumb\",\"itemListElement\":[{\"@type\":\"ListItem\",\"position\":1,\"name\":\"In\u00edcio\",\"item\":\"https:\/\/www.cbm.ro.gov.br\/\"},{\"@type\":\"ListItem\",\"position\":2,\"name\":\"CORPORA\u00c7\u00c3O\"}]},{\"@type\":\"WebSite\",\"@id\":\"https:\/\/www.cbm.ro.gov.br\/#website\",\"url\":\"https:\/\/www.cbm.ro.gov.br\/\",\"name\":\"Corpo de Bombeiros Militar de Rond\u00f4nia\",\"description\":\"Vidas alheias, riquezas salvar!\",\"publisher\":{\"@id\":\"https:\/\/www.cbm.ro.gov.br\/#organization\"},\"alternateName\":\"cbmro\",\"potentialAction\":[{\"@type\":\"SearchAction\",\"target\":{\"@type\":\"EntryPoint\",\"urlTemplate\":\"https:\/\/www.cbm.ro.gov.br\/?s={search_term_string}\"},\"query-input\":{\"@type\":\"PropertyValueSpecification\",\"valueRequired\":true,\"valueName\":\"search_term_string\"}}],\"inLanguage\":\"pt-BR\"},{\"@type\":\"Organization\",\"@id\":\"https:\/\/www.cbm.ro.gov.br\/#organization\",\"name\":\"Corpo de Bombeiros Militar do Estado de Rond\u00f4nia\",\"alternateName\":\"CBMRO\",\"url\":\"https:\/\/www.cbm.ro.gov.br\/\",\"logo\":{\"@type\":\"ImageObject\",\"inLanguage\":\"pt-BR\",\"@id\":\"https:\/\/www.cbm.ro.gov.br\/#\/schema\/logo\/image\/\",\"url\":\"https:\/\/www.cbm.ro.gov.br\/wp-content\/uploads\/2023\/12\/cropped-cropped-cropped-BRASO_3D_32-1-e1724344443171.png\",\"contentUrl\":\"https:\/\/www.cbm.ro.gov.br\/wp-content\/uploads\/2023\/12\/cropped-cropped-cropped-BRASO_3D_32-1-e1724344443171.png\",\"width\":446,\"height\":441,\"caption\":\"Corpo de Bombeiros Militar do Estado de Rond\u00f4nia\"},\"image\":{\"@id\":\"https:\/\/www.cbm.ro.gov.br\/#\/schema\/logo\/image\/\"},\"sameAs\":[\"https:\/\/www.facebook.com\/cbmro.oficial\/\",\"https:\/\/www.youtube.com\/c\/CorpodeBombeirosMilitardoEstadodeRond\u00f4nia\"]}]}<\/script>\n<!-- \/ Yoast SEO plugin. -->","yoast_head_json":{"title":"CORPORA\u00c7\u00c3O - Corpo de Bombeiros Militar de Rond\u00f4nia","robots":{"index":"index","follow":"follow","max-snippet":"max-snippet:-1","max-image-preview":"max-image-preview:large","max-video-preview":"max-video-preview:-1"},"canonical":"https:\/\/www.cbm.ro.gov.br\/?page_id=791","og_locale":"pt_BR","og_type":"article","og_title":"CORPORA\u00c7\u00c3O - Corpo de Bombeiros Militar de Rond\u00f4nia","og_description":"CORPORA\u00c7\u00c3O Bem-vindo ao site institucional do Corpo de Bombeiros Militar de Rond\u00f4nia, um espa\u00e7o dedicado \u00e0 divulga\u00e7\u00e3o das atividades, servi\u00e7os e compromissos desta nobre institui\u00e7\u00e3o. Aqui, voc\u00ea encontrar\u00e1 informa\u00e7\u00f5es relevantes&hellip;","og_url":"https:\/\/www.cbm.ro.gov.br\/?page_id=791","og_site_name":"Corpo de Bombeiros Militar de Rond\u00f4nia","article_publisher":"https:\/\/www.facebook.com\/cbmro.oficial\/","article_modified_time":"2026-04-14T17:48:58+00:00","og_image":[{"width":852,"height":1280,"url":"https:\/\/www.cbm.ro.gov.br\/wp-content\/uploads\/2026\/04\/cel-cristina-foto-provisoria.jpeg","type":"image\/jpeg"}],"twitter_card":"summary_large_image","twitter_misc":{"Est. tempo de leitura":"14 minutos"},"schema":{"@context":"https:\/\/schema.org","@graph":[{"@type":"WebPage","@id":"https:\/\/www.cbm.ro.gov.br\/?page_id=791","url":"https:\/\/www.cbm.ro.gov.br\/?page_id=791","name":"CORPORA\u00c7\u00c3O - Corpo de Bombeiros Militar de Rond\u00f4nia","isPartOf":{"@id":"https:\/\/www.cbm.ro.gov.br\/#website"},"primaryImageOfPage":{"@id":"https:\/\/www.cbm.ro.gov.br\/?page_id=791#primaryimage"},"image":{"@id":"https:\/\/www.cbm.ro.gov.br\/?page_id=791#primaryimage"},"thumbnailUrl":"https:\/\/www.cbm.ro.gov.br\/wp-content\/uploads\/2026\/04\/cel-cristina-foto-provisoria-682x1024.jpeg","datePublished":"2024-01-09T16:12:55+00:00","dateModified":"2026-04-14T17:48:58+00:00","breadcrumb":{"@id":"https:\/\/www.cbm.ro.gov.br\/?page_id=791#breadcrumb"},"inLanguage":"pt-BR","potentialAction":[{"@type":"ReadAction","target":["https:\/\/www.cbm.ro.gov.br\/?page_id=791"]}]},{"@type":"ImageObject","inLanguage":"pt-BR","@id":"https:\/\/www.cbm.ro.gov.br\/?page_id=791#primaryimage","url":"https:\/\/www.cbm.ro.gov.br\/wp-content\/uploads\/2026\/04\/cel-cristina-foto-provisoria.jpeg","contentUrl":"https:\/\/www.cbm.ro.gov.br\/wp-content\/uploads\/2026\/04\/cel-cristina-foto-provisoria.jpeg","width":852,"height":1280},{"@type":"BreadcrumbList","@id":"https:\/\/www.cbm.ro.gov.br\/?page_id=791#breadcrumb","itemListElement":[{"@type":"ListItem","position":1,"name":"In\u00edcio","item":"https:\/\/www.cbm.ro.gov.br\/"},{"@type":"ListItem","position":2,"name":"CORPORA\u00c7\u00c3O"}]},{"@type":"WebSite","@id":"https:\/\/www.cbm.ro.gov.br\/#website","url":"https:\/\/www.cbm.ro.gov.br\/","name":"Corpo de Bombeiros Militar de Rond\u00f4nia","description":"Vidas alheias, riquezas salvar!","publisher":{"@id":"https:\/\/www.cbm.ro.gov.br\/#organization"},"alternateName":"cbmro","potentialAction":[{"@type":"SearchAction","target":{"@type":"EntryPoint","urlTemplate":"https:\/\/www.cbm.ro.gov.br\/?s={search_term_string}"},"query-input":{"@type":"PropertyValueSpecification","valueRequired":true,"valueName":"search_term_string"}}],"inLanguage":"pt-BR"},{"@type":"Organization","@id":"https:\/\/www.cbm.ro.gov.br\/#organization","name":"Corpo de Bombeiros Militar do Estado de Rond\u00f4nia","alternateName":"CBMRO","url":"https:\/\/www.cbm.ro.gov.br\/","logo":{"@type":"ImageObject","inLanguage":"pt-BR","@id":"https:\/\/www.cbm.ro.gov.br\/#\/schema\/logo\/image\/","url":"https:\/\/www.cbm.ro.gov.br\/wp-content\/uploads\/2023\/12\/cropped-cropped-cropped-BRASO_3D_32-1-e1724344443171.png","contentUrl":"https:\/\/www.cbm.ro.gov.br\/wp-content\/uploads\/2023\/12\/cropped-cropped-cropped-BRASO_3D_32-1-e1724344443171.png","width":446,"height":441,"caption":"Corpo de Bombeiros Militar do Estado de Rond\u00f4nia"},"image":{"@id":"https:\/\/www.cbm.ro.gov.br\/#\/schema\/logo\/image\/"},"sameAs":["https:\/\/www.facebook.com\/cbmro.oficial\/","https:\/\/www.youtube.com\/c\/CorpodeBombeirosMilitardoEstadodeRond\u00f4nia"]}]}},"wpmagazine_modules_lite_featured_media_urls":{"thumbnail":"","cvmm-medium":"","cvmm-medium-plus":"","cvmm-portrait":"","cvmm-medium-square":"","cvmm-large":"","cvmm-small":"","full":""},"categories_names":null,"comments_number":"0","_links":{"self":[{"href":"https:\/\/www.cbm.ro.gov.br\/index.php?rest_route=\/wp\/v2\/pages\/791","targetHints":{"allow":["GET"]}}],"collection":[{"href":"https:\/\/www.cbm.ro.gov.br\/index.php?rest_route=\/wp\/v2\/pages"}],"about":[{"href":"https:\/\/www.cbm.ro.gov.br\/index.php?rest_route=\/wp\/v2\/types\/page"}],"author":[{"embeddable":true,"href":"https:\/\/www.cbm.ro.gov.br\/index.php?rest_route=\/wp\/v2\/users\/3"}],"replies":[{"embeddable":true,"href":"https:\/\/www.cbm.ro.gov.br\/index.php?rest_route=%2Fwp%2Fv2%2Fcomments&post=791"}],"version-history":[{"count":218,"href":"https:\/\/www.cbm.ro.gov.br\/index.php?rest_route=\/wp\/v2\/pages\/791\/revisions"}],"predecessor-version":[{"id":7937,"href":"https:\/\/www.cbm.ro.gov.br\/index.php?rest_route=\/wp\/v2\/pages\/791\/revisions\/7937"}],"wp:attachment":[{"href":"https:\/\/www.cbm.ro.gov.br\/index.php?rest_route=%2Fwp%2Fv2%2Fmedia&parent=791"}],"curies":[{"name":"wp","href":"https:\/\/api.w.org\/{rel}","templated":true}]}}